{"id":9,"date":"2019-07-26T13:43:54","date_gmt":"2019-07-26T16:43:54","guid":{"rendered":"http:\/\/www.clinicadharma.com.ar\/residencia\/?page_id=9"},"modified":"2025-05-20T17:54:07","modified_gmt":"2025-05-20T20:54:07","slug":"ingreso-2019","status":"publish","type":"page","link":"https:\/\/www.clinicadharma.com.ar\/residencia\/","title":{"rendered":"INGRESO 2025"},"content":{"rendered":"\t\t<div data-elementor-type=\"wp-post\" data-elementor-id=\"9\" class=\"elementor elementor-9\">\n\t\t\t\t\t\t<div class=\"elementor-inner\">\n\t\t\t\t<div class=\"elementor-section-wrap\">\n\t\t\t\t\t\t\t\t\t<section class=\"elementor-section elementor-top-section elementor-element elementor-element-a7b419b elementor-section-boxed elementor-section-height-default elementor-section-height-default\" data-id=\"a7b419b\" data-element_type=\"section\">\n\t\t\t\t\t\t<div class=\"elementor-container elementor-column-gap-default\">\n\t\t\t\t\t\t\t<div class=\"elementor-row\">\n\t\t\t\t\t<div class=\"elementor-column elementor-col-100 elementor-top-column elementor-element elementor-element-affac66\" data-id=\"affac66\" data-element_type=\"column\">\n\t\t\t<div class=\"elementor-column-wrap elementor-element-populated\">\n\t\t\t\t\t\t\t<div class=\"elementor-widget-wrap\">\n\t\t\t\t\t\t<div class=\"elementor-element elementor-element-26cc2c5 elementor-widget elementor-widget-heading\" data-id=\"26cc2c5\" data-element_type=\"widget\" data-widget_type=\"heading.default\">\n\t\t\t\t<div class=\"elementor-widget-container\">\n\t\t\t<h2 class=\"elementor-heading-title elementor-size-default\"><span style=\"font-family: Ramabhadra; font-size: 30px; font-style: normal; font-weight: 800;\">INGRESO 2025<\/span><\/h2>\t\t<\/div>\n\t\t\t\t<\/div>\n\t\t\t\t\t\t<\/div>\n\t\t\t\t\t<\/div>\n\t\t<\/div>\n\t\t\t\t\t\t\t\t<\/div>\n\t\t\t\t\t<\/div>\n\t\t<\/section>\n\t\t\t\t<section class=\"elementor-section elementor-top-section elementor-element elementor-element-98d5ab2 elementor-section-boxed elementor-section-height-default elementor-section-height-default\" data-id=\"98d5ab2\" data-element_type=\"section\">\n\t\t\t\t\t\t<div class=\"elementor-container elementor-column-gap-default\">\n\t\t\t\t\t\t\t<div class=\"elementor-row\">\n\t\t\t\t\t<div class=\"elementor-column elementor-col-100 elementor-top-column elementor-element elementor-element-f1d8230\" data-id=\"f1d8230\" data-element_type=\"column\">\n\t\t\t<div class=\"elementor-column-wrap elementor-element-populated\">\n\t\t\t\t\t\t\t<div class=\"elementor-widget-wrap\">\n\t\t\t\t\t\t<div class=\"elementor-element elementor-element-12052b2 elementor-widget elementor-widget-heading\" data-id=\"12052b2\" data-element_type=\"widget\" data-widget_type=\"heading.default\">\n\t\t\t\t<div class=\"elementor-widget-container\">\n\t\t\t<h5 class=\"elementor-heading-title elementor-size-default\">RESIDENCIA EN PSIQUIATRIA ACREDITADA POR U.B.A.\n\n<\/h5>\t\t<\/div>\n\t\t\t\t<\/div>\n\t\t\t\t<div class=\"elementor-element elementor-element-b1144fc elementor-widget elementor-widget-text-editor\" data-id=\"b1144fc\" data-element_type=\"widget\" data-widget_type=\"text-editor.default\">\n\t\t\t\t<div class=\"elementor-widget-container\">\n\t\t\t\t\t\t\t\t<div class=\"elementor-text-editor elementor-clearfix\">\n\t\t\t\t<p><b>RESIDENCIA EN PSIQUIATRIA\u00a0 &#8211; ACREDITADA POR LA UBA<\/b><\/p><p><span style=\"font-weight: 400;\">Cl\u00ednica Dharma es Sede de la UBA y a partir del 2016 el postulante puede optar por la alternativa de Residencia acreditada por la UBA. La informaci\u00f3n est\u00e1 disponible en <\/span><a href=\"http:\/\/www.fmv-uba.org.ar\/residencias\/\"><span style=\"font-weight: 400;\">https:\/\/inscripcion.fmed.uba.ar\/cgi-bin\/residencias\/infoBasicas.pyttp:\/\/www.fmv-uba.org.ar\/residencias\/<\/span><\/a><\/p><p><span style=\"font-weight: 400;\">Duraci\u00f3n : 4 (cuatro) a\u00f1os.<\/span><span style=\"font-weight: 400;\"><br \/><\/span><span style=\"font-weight: 400;\">Acreditaci\u00f3n: por UBA<\/span><\/p><p><span style=\"font-weight: 400;\">Horario: 8 a 17 hs de lunes a viernes. Cuando la guardia se efect\u00faa en la semana, el horario de concurrencia de 8 a 17 hs est\u00e1 incluido en la misma. Se asignan horas posguardia<\/span><span style=\"font-weight: 400;\"><br \/><\/span><span style=\"font-weight: 400;\">Fecha de comienzo 1\u00b0 de Septiembre<\/span><span style=\"font-weight: 400;\"><br \/><\/span><span style=\"font-weight: 400;\">Inscripci\u00f3n : <\/span><a href=\"http:\/\/clinicadharma.com.ar\/residencia\/inscripcion\"><span style=\"font-weight: 400;\">Ver formulario de inscripci\u00f3n on line<\/span><span style=\"font-weight: 400;\"><br \/><\/span><\/a><span style=\"font-weight: 400;\">Consultas : docencia@clinicadharma.com.ar<\/span><span style=\"font-weight: 400;\"><br \/><\/span><span style=\"font-weight: 400;\">Clinica Dharma\u00a0<\/span>47489066 interno 6600<span style=\"font-weight: 400;\">, de 10 a 17hs<\/span><span style=\"font-weight: 400;\"><br \/><\/span><span style=\"font-weight: 400;\">Instructora de Residencia:<\/span><b> Dra. Cutiriano Aracelli<\/b><span style=\"font-weight: 400;\"><br \/><\/span><span style=\"font-weight: 400;\">Coordinaci\u00f3n Administrativa: Andrea Marano<\/span><\/p>\t\t\t\t\t<\/div>\n\t\t\t\t\t\t<\/div>\n\t\t\t\t<\/div>\n\t\t\t\t<div class=\"elementor-element elementor-element-a2e61c7 elementor-widget elementor-widget-heading\" data-id=\"a2e61c7\" data-element_type=\"widget\" data-widget_type=\"heading.default\">\n\t\t\t\t<div class=\"elementor-widget-container\">\n\t\t\t<h5 class=\"elementor-heading-title elementor-size-default\">RESIDENCIA EN PSIQUIATRIA DHARMA <span style=\"font-weight: normal;\">ACREDITADA POR EL MINISTERIO DE SALUD (RESOL. NRO. 97\/2013)<\/span>\n\n<\/h5>\t\t<\/div>\n\t\t\t\t<\/div>\n\t\t\t\t<div class=\"elementor-element elementor-element-6c96c61 elementor-widget elementor-widget-text-editor\" data-id=\"6c96c61\" data-element_type=\"widget\" data-widget_type=\"text-editor.default\">\n\t\t\t\t<div class=\"elementor-widget-container\">\n\t\t\t\t\t\t\t\t<div class=\"elementor-text-editor elementor-clearfix\">\n\t\t\t\t<p>RESIDENCIA EN PSIQUIATRIA DHARMA ACREDITADA POR EL MINISTERIO DE SALUD (RESOL. NRO. 97\/2013)<br>Para la obtenci\u00f3n del t\u00edtulo de especialista, el postulante no deber\u00e1 rendir examen en el Ministerio de Salud, ya que la<br>Resoluci\u00f3n Nro. 97\/2013 del M.S. acredita a Cl\u00ednica Dharma para el otorgamiento del mismo<\/p>\n<p>Duraci\u00f3n: 3 (tres) a\u00f1os.<br>Acreditaci\u00f3n: por <strong>Ministerio de Salud&nbsp;<\/strong><\/p>\n<p>Horario: 8 a 17 hs de lunes a viernes. Cuando la guardia se efect\u00faa en la semana, el horario de concurrencia de 8 a 17 hs est\u00e1 incluido en la misma. Se asignan horas posguardia<\/p>\n<p>Fecha de comienzo 1\u00b0 de Septiembre<br>Inscripci\u00f3n : Ver formulario de inscripci\u00f3n on line<br>Consultas : docencia@clinicadharma.com.ar<br>Clinica Dharma 47489066 interno 6600, de 10 a 17hs<\/p>\n<p>La carrera de especialista se cursa en Cl\u00ednica Dharma en forma conjunta con la residencia y se le otorga una beca al residente, como beneficio para su formaci\u00f3n acad\u00e9mica<\/p>\t\t\t\t\t<\/div>\n\t\t\t\t\t\t<\/div>\n\t\t\t\t<\/div>\n\t\t\t\t\t\t<\/div>\n\t\t\t\t\t<\/div>\n\t\t<\/div>\n\t\t\t\t\t\t\t\t<\/div>\n\t\t\t\t\t<\/div>\n\t\t<\/section>\n\t\t\t\t<section class=\"elementor-section elementor-top-section elementor-element elementor-element-bf5fc8a elementor-section-boxed elementor-section-height-default elementor-section-height-default\" data-id=\"bf5fc8a\" data-element_type=\"section\">\n\t\t\t\t\t\t<div class=\"elementor-container elementor-column-gap-default\">\n\t\t\t\t\t\t\t<div class=\"elementor-row\">\n\t\t\t\t\t<div class=\"elementor-column elementor-col-100 elementor-top-column elementor-element elementor-element-ed2cc8a\" data-id=\"ed2cc8a\" data-element_type=\"column\">\n\t\t\t<div class=\"elementor-column-wrap elementor-element-populated\">\n\t\t\t\t\t\t\t<div class=\"elementor-widget-wrap\">\n\t\t\t\t\t\t<div class=\"elementor-element elementor-element-055708a elementor-widget elementor-widget-heading\" data-id=\"055708a\" data-element_type=\"widget\" data-widget_type=\"heading.default\">\n\t\t\t\t<div class=\"elementor-widget-container\">\n\t\t\t<h2 class=\"elementor-heading-title elementor-size-small\">SELECCION DE RESIDENTES<\/h2>\t\t<\/div>\n\t\t\t\t<\/div>\n\t\t\t\t<div class=\"elementor-element elementor-element-8716e8d elementor-widget elementor-widget-text-editor\" data-id=\"8716e8d\" data-element_type=\"widget\" data-widget_type=\"text-editor.default\">\n\t\t\t\t<div class=\"elementor-widget-container\">\n\t\t\t\t\t\t\t\t<div class=\"elementor-text-editor elementor-clearfix\">\n\t\t\t\t<p dir=\"ltr\" style=\"line-height: 1.2; margin-top: 0pt; margin-bottom: 0pt;\"><span style=\"background-color: transparent; color: #000000; font-family: Roboto, sans-serif; font-size: 12pt; font-style: normal; font-weight: 400; white-space: pre-wrap;\">La residencia incluye la rotaci\u00f3n por los diferentes servicios propios: Internaci\u00f3n, Hospital de D\u00eda, Consultorios externos, Area Domiciliaria y urgencias, Drogadependencia, Anorexia-Bulimia y gerontopsiquiatr\u00eda, abarcando la franja et\u00e1rea desde infantojuvenil, adultos y gerontes.<\/span><\/p><p dir=\"ltr\" style=\"line-height: 1.2; margin-top: 0pt; margin-bottom: 0pt;\"><span style=\"font-size: 12pt; font-family: Roboto,sans-serif; color: #000000; background-color: transparent; font-weight: 400; font-style: normal; font-variant: normal; text-decoration: none; vertical-align: baseline; white-space: pre-wrap;\">Adem\u00e1s se efectuar\u00e1n rotaciones externas en diferentes servicios.<\/span><\/p><p dir=\"ltr\" style=\"line-height: 1.2; margin-top: 0pt; margin-bottom: 0pt;\"><span style=\"font-size: 12pt; font-family: Roboto,sans-serif; color: #000000; background-color: transparent; font-weight: 400; font-style: normal; font-variant: normal; text-decoration: none; vertical-align: baseline; white-space: pre-wrap;\">El residente podr\u00e1 participar en todas las actividades acad\u00e9micas y de investigaci\u00f3n de la Instituci\u00f3n, cursos, jornadas, ateneos, congresos, etc<\/span><\/p><p dir=\"ltr\" style=\"line-height: 1.2; margin-top: 0pt; margin-bottom: 0pt;\"><span style=\"font-size: 12pt; font-family: Roboto,sans-serif; color: #000000; background-color: transparent; font-weight: 400; font-style: normal; font-variant: normal; text-decoration: none; vertical-align: baseline; white-space: pre-wrap;\">Si el ingresante participa adem\u00e1s de la Carrera, obtendr\u00e1 una beca para su formaci\u00f3n en la misma<\/span><\/p><p dir=\"ltr\" style=\"line-height: 1.2; margin-top: 0pt; margin-bottom: 0pt;\"><span style=\"font-size: 12pt; font-family: Roboto,sans-serif; color: #000000; background-color: transparent; font-weight: 400; font-style: normal; font-variant: normal; text-decoration: none; vertical-align: baseline; white-space: pre-wrap;\">La Residencia contempla un programa propio de actividades y formaci\u00f3n para poder abordar la pr\u00e1ctica cl\u00ednica.<\/span><\/p><p dir=\"ltr\" style=\"line-height: 1.2; margin-top: 0pt; margin-bottom: 0pt;\">\u00a0<\/p>\t\t\t\t\t<\/div>\n\t\t\t\t\t\t<\/div>\n\t\t\t\t<\/div>\n\t\t\t\t\t\t<\/div>\n\t\t\t\t\t<\/div>\n\t\t<\/div>\n\t\t\t\t\t\t\t\t<\/div>\n\t\t\t\t\t<\/div>\n\t\t<\/section>\n\t\t\t\t<section class=\"elementor-section elementor-top-section elementor-element elementor-element-74796f7 elementor-section-boxed elementor-section-height-default elementor-section-height-default\" data-id=\"74796f7\" data-element_type=\"section\">\n\t\t\t\t\t\t<div class=\"elementor-container elementor-column-gap-default\">\n\t\t\t\t\t\t\t<div class=\"elementor-row\">\n\t\t\t\t\t<div class=\"elementor-column elementor-col-100 elementor-top-column elementor-element elementor-element-3774e13\" data-id=\"3774e13\" data-element_type=\"column\">\n\t\t\t<div class=\"elementor-column-wrap elementor-element-populated\">\n\t\t\t\t\t\t\t<div class=\"elementor-widget-wrap\">\n\t\t\t\t\t\t<div class=\"elementor-element elementor-element-4719ae0 elementor-widget elementor-widget-heading\" data-id=\"4719ae0\" data-element_type=\"widget\" data-widget_type=\"heading.default\">\n\t\t\t\t<div class=\"elementor-widget-container\">\n\t\t\t<h2 class=\"elementor-heading-title elementor-size-default\">DIRECCION DE LA RESIDENCIA<\/h2>\t\t<\/div>\n\t\t\t\t<\/div>\n\t\t\t\t<div class=\"elementor-element elementor-element-3851929 elementor-widget elementor-widget-text-editor\" data-id=\"3851929\" data-element_type=\"widget\" data-widget_type=\"text-editor.default\">\n\t\t\t\t<div class=\"elementor-widget-container\">\n\t\t\t\t\t\t\t\t<div class=\"elementor-text-editor elementor-clearfix\">\n\t\t\t\t<p dir=\"ltr\" style=\"line-height: 1.2; margin-top: 0pt; margin-bottom: 0pt;\"><span style=\"font-size: 12pt; font-family: Roboto,sans-serif; color: #000000; background-color: transparent; font-weight: 400; font-style: normal; font-variant: normal; text-decoration: none; vertical-align: baseline; white-space: pre-wrap;\">Dra Cirigliano M\u00f3nica<\/span><\/p><p dir=\"ltr\" style=\"line-height: 1.2; margin-top: 0pt; margin-bottom: 0pt;\"><span style=\"background-color: transparent; color: #000000; font-family: Roboto, sans-serif; font-size: 12pt; font-style: normal; font-weight: 400; white-space: pre-wrap;\">Dra Gonzalez Liliana<\/span><\/p>\t\t\t\t\t<\/div>\n\t\t\t\t\t\t<\/div>\n\t\t\t\t<\/div>\n\t\t\t\t\t\t<\/div>\n\t\t\t\t\t<\/div>\n\t\t<\/div>\n\t\t\t\t\t\t\t\t<\/div>\n\t\t\t\t\t<\/div>\n\t\t<\/section>\n\t\t\t\t<section class=\"elementor-section elementor-top-section elementor-element elementor-element-8aae3e4 elementor-section-boxed elementor-section-height-default elementor-section-height-default\" data-id=\"8aae3e4\" data-element_type=\"section\">\n\t\t\t\t\t\t<div class=\"elementor-container elementor-column-gap-default\">\n\t\t\t\t\t\t\t<div class=\"elementor-row\">\n\t\t\t\t\t<div class=\"elementor-column elementor-col-100 elementor-top-column elementor-element elementor-element-947a035\" data-id=\"947a035\" data-element_type=\"column\">\n\t\t\t<div class=\"elementor-column-wrap elementor-element-populated\">\n\t\t\t\t\t\t\t<div class=\"elementor-widget-wrap\">\n\t\t\t\t\t\t<div class=\"elementor-element elementor-element-97fb961 elementor-widget elementor-widget-heading\" data-id=\"97fb961\" data-element_type=\"widget\" data-widget_type=\"heading.default\">\n\t\t\t\t<div class=\"elementor-widget-container\">\n\t\t\t<h2 class=\"elementor-heading-title elementor-size-default\">CONCEPTO DE RESIDENCIA Y PERFIL DEL FUTURO EGRESADO<\/h2>\t\t<\/div>\n\t\t\t\t<\/div>\n\t\t\t\t<div class=\"elementor-element elementor-element-5b646e8 elementor-widget elementor-widget-text-editor\" data-id=\"5b646e8\" data-element_type=\"widget\" data-widget_type=\"text-editor.default\">\n\t\t\t\t<div class=\"elementor-widget-container\">\n\t\t\t\t\t\t\t\t<div class=\"elementor-text-editor elementor-clearfix\">\n\t\t\t\t<p>Se considera la residencia un sistema de formaci\u00f3n integral de postgrado para el graduado reciente en las disciplinas que<br \/>integran el equipo de salud, cuyo objeto es completar su formaci\u00f3n en forma exhaustiva, ejercit\u00e1ndolo en el desempe\u00f1o <br \/>responsable y eficaz de la disciplina correspondiente, bajo la modalidad de formaci\u00f3n en el trabajo ( Resoluci\u00f3n 303\/2008 <br \/>Ministerio de Salud)<br \/><br \/>El Departamento de Salud Mental de Cl\u00ednica Dharma, tiene como objetivo, formar al M\u00e9dico especialista en psiquiatr\u00eda dentro<br \/>de un marco \u00e9tico con una mirada integradora de la persona relacionando los aspectos individual, familiar, social, cultural <br \/>y biol\u00f3gico<\/p><p>Para ello deber\u00e1 formarse en implementar acciones preventivas y terap\u00e9uticas, conociendo los m\u00e9todos actuales de <br \/>diagn\u00f3stico y tratamiento.<br \/><br \/>Se capacitar\u00e1 al profesional para mantener entrevistas y efectuar un diagn\u00f3stico psiqui\u00e1trico, utilizando los conocimientos <br \/>de las diferentes estructuras psicopatol\u00f3gicas, escalas ,y todos aquellos elementos necesarios para la elecci\u00f3n del <br \/>tratamiento adecuado.<br \/><br \/>Se entrenar\u00e1 al futuro especialista en las diferentes t\u00e9cnicas psicoterap\u00e9uticas para conducir al paciente en psicoterapia <br \/>individual, familiar, grupal o de pareja, seg\u00fan requiera su padecimiento. Para ello es imprescindible el conocimiento de las <br \/>diferentes escuelas terap\u00e9uticas y psiqui\u00e1tricas como as\u00ed tambi\u00e9n de conocimientos de filosof\u00eda, de antropolog\u00eda , de <br \/>sociolog\u00eda, que permitan la comprensi\u00f3n del individuo, su entorno y su \u00e9poca<br \/><br \/>Recibir\u00e1 formaci\u00f3n en psicofarmacolog\u00eda, neurociencias y neuroim\u00e1genes.<br \/><br \/>Durante las rotaciones por los diferentes servicios se entrenar\u00e1 en pr\u00e1cticas de hospital de d\u00eda, sus indicaciones, <br \/>consultorios externos, \u00e1rea de domicilios y urgencias e internaci\u00f3n. En este espacio podr\u00e1 formarse dentro de una l\u00ednea<br \/>de respeto por los derechos del paciente en el sentido de conocer que la hospitalizaci\u00f3n o institucionalizaci\u00f3n prolongada <br \/>sin una indicaci\u00f3n precisa, produce efectos nocivos en la evoluci\u00f3n del paciente.<br \/><br \/>En este sentido se formar\u00e1 conociendo los conceptos de cronificaci\u00f3n institucional, comprometi\u00e9ndose a brindar asistencia <br \/>en funci\u00f3n de la integraci\u00f3n del paciente a la sociedad, la familia y el trabajo.<br \/><br \/>Mantendr\u00e1 la premisa de reconstruir los lazos sociales, familiares y laborales si estos estuvieran desarticulados o disueltos. <br \/>Conocer\u00e1 qu\u00e9 herramientas utilizar para evitar la cronificaci\u00f3n institucional por intervenci\u00f3n profesional.<br \/><br \/>Se capacitar\u00e1 para obtener el conocimiento de todos los recursos asistenciales de los que se dispone en nuestro medio<br \/>p\u00fablico y privado para la confecci\u00f3n de red de redes asistenciales y de contenci\u00f3n para evitar la hospitalizaci\u00f3n prolongada,<br \/>cuyas consecuencias en ciertos casos son irreversibles.<\/p><p><br \/><br \/>Tendr\u00e1 una posici\u00f3n comprometida en cuanto a la problem\u00e1tica social para operar en relaciones vinculares de contenci\u00f3n y <br \/>poder intervenir en patolog\u00edas sociales.<br \/><br \/>Se capacitar\u00e1 al profesional en aspectos Medico-legales para conocer las leyes vigentes en relaci\u00f3n a Salud Mental, <br \/>considerando que la especialidad en nuestro pa\u00eds tiene un alto \u00edndice de judicializaci\u00f3n.<br \/>Se trabajar\u00e1n las leyes de internaci\u00f3n, de violencia familiar, de estupefacientes, etc. y se mantendr\u00e1 una conducta \u00e9tica y <br \/>adecuada al conocer los t\u00e9rminos legales de la pr\u00e1ctica.<br \/>Asimismo, el futuro egresado contar\u00e1 con s\u00f3lidos conocimientos en Psiquiatr\u00eda Forense<br \/><br \/>Realizar\u00e1 tareas de interconsulta con otras especialidades y se entrenar\u00e1 en trabajo de equipo con Trabajadores Sociales, <br \/>Psic\u00f3logos, Acompa\u00f1antes Terap\u00e9uticos, Terapistas Ocupacionales, Talleristas, Enfermeros, etc.<br \/>Recibir\u00e1 instrucci\u00f3n de manejo de reuniones de equipo.<br \/><br \/>Conocer\u00e1 los Sistemas M\u00e9dico-Asistenciales y los efectores existentes para poder ubicar al paciente en el tratamiento <br \/>correspondiente e indicar la alternativa que evite el fracaso del mismo. Podr\u00e1 por lo tanto, evaluar en cada caso la relaci\u00f3n <br \/>costo-beneficio para el paciente<br \/><br \/>Contar\u00e1 con los conocimientos suficientes para abordar toda la franja et\u00e1rea de las patolog\u00edas con la finalidad de tomar las <br \/>decisiones que permitan el tratamiento preciso.<br \/><br \/>En este sentido, la toma de decisi\u00f3n en salud Mental, es una situaci\u00f3n a la que el profesional estar\u00e1 expuesto en cada <br \/>momento de su pr\u00e1ctica, para lo cual se formar\u00e1 en la obtenci\u00f3n de la informaci\u00f3n necesaria para que esa decisi\u00f3n contemple <br \/>la situaci\u00f3n individual, familiar, social, laboral, biol\u00f3gica y ps\u00edquica del paciente para lograr el alivio, la estabilizaci\u00f3n y por lo <br \/>tanto el tratamiento adecuado.<br \/><br \/>En el \u00e1rea acad\u00e9mica participar\u00e1 de todas las actividades institucionales, ateneos, supervisiones, trabajos para congresos y <br \/>jornadas, asimismo recibir\u00e1 formaci\u00f3n en Investigaci\u00f3n cl\u00ednica.<\/p>\t\t\t\t\t<\/div>\n\t\t\t\t\t\t<\/div>\n\t\t\t\t<\/div>\n\t\t\t\t\t\t<\/div>\n\t\t\t\t\t<\/div>\n\t\t<\/div>\n\t\t\t\t\t\t\t\t<\/div>\n\t\t\t\t\t<\/div>\n\t\t<\/section>\n\t\t\t\t<section class=\"elementor-section elementor-top-section elementor-element elementor-element-8b7c528 elementor-section-boxed elementor-section-height-default elementor-section-height-default\" data-id=\"8b7c528\" data-element_type=\"section\">\n\t\t\t\t\t\t<div class=\"elementor-container elementor-column-gap-default\">\n\t\t\t\t\t\t\t<div class=\"elementor-row\">\n\t\t\t\t\t<div class=\"elementor-column elementor-col-100 elementor-top-column elementor-element elementor-element-b8e1a2c\" data-id=\"b8e1a2c\" data-element_type=\"column\">\n\t\t\t<div class=\"elementor-column-wrap elementor-element-populated\">\n\t\t\t\t\t\t\t<div class=\"elementor-widget-wrap\">\n\t\t\t\t\t\t<div class=\"elementor-element elementor-element-112acbf elementor-widget elementor-widget-text-editor\" data-id=\"112acbf\" data-element_type=\"widget\" data-widget_type=\"text-editor.default\">\n\t\t\t\t<div class=\"elementor-widget-container\">\n\t\t\t\t\t\t\t\t<div class=\"elementor-text-editor elementor-clearfix\">\n\t\t\t\t<p><strong>COMIT\u00c9 DE RESIDENTES<\/strong><br \/><strong>Direcci\u00f3n: Av. Chiclana 3311\/19 C1260ACA-CABA<\/strong><br \/><strong>Tel\u00e9fonos\u00a0<\/strong>47489066 interno 6600<strong>&#8211; L\u00edneas Rotativas<\/strong><br \/><strong>e-mail:\u00a0<a href=\"mailto:inscripcionresidencias@clinicadharma.com.ar\">inscripcionresidencias@clinicadharma.com.ar<\/a>\u00a0 \/ web-site\u00a0<a href=\"http:\/\/www.clinicadharma.com.ar\/\" target=\"_blank\" rel=\"noopener\">www clinicadharma.com.ar<\/a><\/strong><\/p>\t\t\t\t\t<\/div>\n\t\t\t\t\t\t<\/div>\n\t\t\t\t<\/div>\n\t\t\t\t\t\t<\/div>\n\t\t\t\t\t<\/div>\n\t\t<\/div>\n\t\t\t\t\t\t\t\t<\/div>\n\t\t\t\t\t<\/div>\n\t\t<\/section>\n\t\t\t\t\t\t\t\t\t<\/div>\n\t\t\t<\/div>\n\t\t\t\t\t<\/div>\n\t\t","protected":false},"excerpt":{"rendered":"<p>INGRESO 2025 RESIDENCIA EN PSIQUIATRIA ACREDITADA POR U.B.A. RESIDENCIA EN PSIQUIATRIA\u00a0 &#8211; ACREDITADA POR LA UBA Cl\u00ednica Dharma es Sede de la UBA y a partir del 2016 el postulante puede optar por la alternativa de Residencia acreditada por la UBA. La informaci\u00f3n est\u00e1 disponible en https:\/\/inscripcion.fmed.uba.ar\/cgi-bin\/residencias\/infoBasicas.pyttp:\/\/www.fmv-uba.org.ar\/residencias\/ Duraci\u00f3n : 4 (cuatro) a\u00f1os.Acreditaci\u00f3n: por UBA Horario: [&hellip;]<\/p>\n<p class=\"more-link style2\"><a href=\"https:\/\/www.clinicadharma.com.ar\/residencia\/\"  class=\"themebutton\"><span class=\"more-text\">READ MORE<\/span><span class=\"more-icon\"><i class=\"fa fa-angle-right fa-lg\"><\/i><\/span><\/a><\/p>\n","protected":false},"author":1,"featured_media":0,"parent":0,"menu_order":0,"comment_status":"closed","ping_status":"closed","template":"","meta":{"footnotes":""},"categories":[],"tags":[],"_links":{"self":[{"href":"https:\/\/www.clinicadharma.com.ar\/residencia\/wp-json\/wp\/v2\/pages\/9"}],"collection":[{"href":"https:\/\/www.clinicadharma.com.ar\/residencia\/wp-json\/wp\/v2\/pages"}],"about":[{"href":"https:\/\/www.clinicadharma.com.ar\/residencia\/wp-json\/wp\/v2\/types\/page"}],"author":[{"embeddable":true,"href":"https:\/\/www.clinicadharma.com.ar\/residencia\/wp-json\/wp\/v2\/users\/1"}],"replies":[{"embeddable":true,"href":"https:\/\/www.clinicadharma.com.ar\/residencia\/wp-json\/wp\/v2\/comments?post=9"}],"version-history":[{"count":61,"href":"https:\/\/www.clinicadharma.com.ar\/residencia\/wp-json\/wp\/v2\/pages\/9\/revisions"}],"predecessor-version":[{"id":606,"href":"https:\/\/www.clinicadharma.com.ar\/residencia\/wp-json\/wp\/v2\/pages\/9\/revisions\/606"}],"wp:attachment":[{"href":"https:\/\/www.clinicadharma.com.ar\/residencia\/wp-json\/wp\/v2\/media?parent=9"}],"wp:term":[{"taxonomy":"category","embeddable":true,"href":"https:\/\/www.clinicadharma.com.ar\/residencia\/wp-json\/wp\/v2\/categories?post=9"},{"taxonomy":"post_tag","embeddable":true,"href":"https:\/\/www.clinicadharma.com.ar\/residencia\/wp-json\/wp\/v2\/tags?post=9"}],"curies":[{"name":"wp","href":"https:\/\/api.w.org\/{rel}","templated":true}]}}